{"id":4827,"date":"2025-11-12T13:04:00","date_gmt":"2025-11-12T13:04:00","guid":{"rendered":"https:\/\/ilcamminodellapace.it\/senalizacion\/"},"modified":"2026-01-19T15:18:51","modified_gmt":"2026-01-19T15:18:51","slug":"senalizacion","status":"publish","type":"page","link":"https:\/\/ilcamminodellapace.it\/es\/senalizacion\/","title":{"rendered":"Se\u00f1alizaci\u00f3n"},"content":{"rendered":"\t\t<div data-elementor-type=\"wp-page\" data-elementor-id=\"4827\" class=\"elementor elementor-4827 elementor-1150\" data-elementor-post-type=\"page\">\n\t\t\t\t<div class=\"elementor-element elementor-element-410f311 e-flex e-con-boxed e-con e-parent\" data-id=\"410f311\" data-element_type=\"container\" data-e-type=\"container\" data-settings=\"{&quot;background_background&quot;:&quot;classic&quot;}\">\n\t\t\t\t\t<div class=\"e-con-inner\">\n\t\t\t\t<div class=\"elementor-element elementor-element-1517bbe elementor-widget elementor-widget-ucaddon_side_border_heading\" data-id=\"1517bbe\" data-element_type=\"widget\" data-e-type=\"widget\" data-widget_type=\"ucaddon_side_border_heading.default\">\n\t\t\t\t<div class=\"elementor-widget-container\">\n\t\t\t\t\t\n<!-- start Side Line Heading -->\n<style>\/* widget: Side Line Heading *\/\n\n#uc_side_border_heading_elementor_1517bbe\n{\n  display:flex;\n}\n\n#uc_side_border_heading_elementor_1517bbe .side_border_heading_title\n{\n  color:black;\n}\n\n#uc_side_border_heading_elementor_1517bbe .side_border_heading_subtitle\n{\n  line-height:1.5em;\n  color:gray;\n}\n#uc_side_border_heading_elementor_1517bbe .side_border_heading_line_holder{\nflex-shrink: 0;\n}\n\n#uc_side_border_heading_elementor_1517bbe .side_border_heading_line_spacer{\nflex-shrink: 0;\n}\n\n<\/style>\n\n<div id=\"uc_side_border_heading_elementor_1517bbe\">\n  <div class=\"side_border_heading_line_holder\"><div class=\"side_border_heading_line\" style=\"background-color:#1F4361;\"><\/div><\/div>\n  <div class=\"side_border_heading_line_spacer\"><\/div>\n  <div>\n    <div class=\"side_border_heading_title\"><span  class=\"uc_style_side_border_heading_elementor_title\" style=\"color:#1F4361;\">Se\u00f1alizaci\u00f3n<\/span><\/div>\n    <div class=\"side_border_heading_subtitle\"><\/div>\n  <\/div>\n<\/div>\n<!-- end Side Line Heading -->\t\t\t\t<\/div>\n\t\t\t\t<\/div>\n\t\t<div class=\"elementor-element elementor-element-b2819d7 e-con-full e-flex e-con e-child\" data-id=\"b2819d7\" data-element_type=\"container\" data-e-type=\"container\">\n\t\t<div class=\"elementor-element elementor-element-7351279 e-con-full e-flex e-con e-child\" data-id=\"7351279\" data-element_type=\"container\" data-e-type=\"container\">\n\t\t\t\t<div class=\"elementor-element elementor-element-217b41b elementor-widget elementor-widget-text-editor\" data-id=\"217b41b\" data-element_type=\"widget\" data-e-type=\"widget\" data-widget_type=\"text-editor.default\">\n\t\t\t\t\t\t\t\t\t<p>520 km del Camino marcados con se\u00f1ales blancas\/rojas a lo largo de toda la ruta, etapa por etapa.  <\/p>\t\t\t\t\t\t\t\t<\/div>\n\t\t\t\t<div class=\"elementor-element elementor-element-7348ef5 elementor-widget elementor-widget-heading\" data-id=\"7348ef5\" data-element_type=\"widget\" data-e-type=\"widget\" data-widget_type=\"heading.default\">\n\t\t\t\t\t<h2 class=\"elementor-heading-title elementor-size-default\">1.<\/h2>\t\t\t\t<\/div>\n\t\t\t\t<div class=\"elementor-element elementor-element-0131792 txtBody elementor-widget elementor-widget-text-editor\" data-id=\"0131792\" data-element_type=\"widget\" data-e-type=\"widget\" data-widget_type=\"text-editor.default\">\n\t\t\t\t\t\t\t\t\t<p>La se\u00f1alizaci\u00f3n del Paseo de la Paz consiste en la cl\u00e1sica banda horizontal blanca\/roja, pintada en rocas, \u00e1rboles, muros y postes de hormig\u00f3n, o etiquetas adhesivas en postes met\u00e1licos, se\u00f1ales de tr\u00e1fico, barandillas.<\/p>\t\t\t\t\t\t\t\t<\/div>\n\t\t\t\t<\/div>\n\t\t<div class=\"elementor-element elementor-element-adae442 e-con-full e-flex e-con e-child\" data-id=\"adae442\" data-element_type=\"container\" data-e-type=\"container\">\n\t\t\t\t<div class=\"elementor-element elementor-element-d504d7c elementor-widget elementor-widget-image\" data-id=\"d504d7c\" data-element_type=\"widget\" data-e-type=\"widget\" data-widget_type=\"image.default\">\n\t\t\t\t\t\t\t\t\t\t\t\t\t\t\t<img fetchpriority=\"high\" decoding=\"async\" width=\"800\" height=\"600\" src=\"https:\/\/ilcamminodellapace.it\/wp-content\/uploads\/2025\/11\/Segnaletica1.jpg\" class=\"attachment-large size-large wp-image-4832\" alt=\"\" srcset=\"https:\/\/ilcamminodellapace.it\/wp-content\/uploads\/2025\/11\/Segnaletica1.jpg 800w, https:\/\/ilcamminodellapace.it\/wp-content\/uploads\/2025\/11\/Segnaletica1-300x225.jpg 300w, https:\/\/ilcamminodellapace.it\/wp-content\/uploads\/2025\/11\/Segnaletica1-768x576.jpg 768w\" sizes=\"(max-width: 800px) 100vw, 800px\" \/>\t\t\t\t\t\t\t\t\t\t\t\t\t\t\t<\/div>\n\t\t\t\t<\/div>\n\t\t\t\t<\/div>\n\t\t<div class=\"elementor-element elementor-element-c006ad2 e-con-full e-flex e-con e-child\" data-id=\"c006ad2\" data-element_type=\"container\" data-e-type=\"container\">\n\t\t<div class=\"elementor-element elementor-element-91b09e1 e-con-full e-flex e-con e-child\" data-id=\"91b09e1\" data-element_type=\"container\" data-e-type=\"container\">\n\t\t\t\t<div class=\"elementor-element elementor-element-15b97c3 elementor-widget elementor-widget-image\" data-id=\"15b97c3\" data-element_type=\"widget\" data-e-type=\"widget\" data-widget_type=\"image.default\">\n\t\t\t\t\t\t\t\t\t\t\t\t\t\t\t<img decoding=\"async\" width=\"563\" height=\"647\" src=\"https:\/\/ilcamminodellapace.it\/wp-content\/uploads\/2025\/11\/segnaletica.png\" class=\"attachment-large size-large wp-image-4834\" alt=\"\" srcset=\"https:\/\/ilcamminodellapace.it\/wp-content\/uploads\/2025\/11\/segnaletica.png 563w, https:\/\/ilcamminodellapace.it\/wp-content\/uploads\/2025\/11\/segnaletica-261x300.png 261w\" sizes=\"(max-width: 563px) 100vw, 563px\" \/>\t\t\t\t\t\t\t\t\t\t\t\t\t\t\t<\/div>\n\t\t\t\t<\/div>\n\t\t<div class=\"elementor-element elementor-element-d0b86e3 e-con-full e-flex e-con e-child\" data-id=\"d0b86e3\" data-element_type=\"container\" data-e-type=\"container\">\n\t\t\t\t<div class=\"elementor-element elementor-element-01c182c elementor-widget elementor-widget-heading\" data-id=\"01c182c\" data-element_type=\"widget\" data-e-type=\"widget\" data-widget_type=\"heading.default\">\n\t\t\t\t\t<h2 class=\"elementor-heading-title elementor-size-default\">2.<\/h2>\t\t\t\t<\/div>\n\t\t\t\t<div class=\"elementor-element elementor-element-9f0f165 txtBody elementor-widget elementor-widget-text-editor\" data-id=\"9f0f165\" data-element_type=\"widget\" data-e-type=\"widget\" data-widget_type=\"text-editor.default\">\n\t\t\t\t\t\t\t\t\t<p>La se\u00f1alizaci\u00f3n adhesiva tiene, en el centro, a los dos peregrinos en marcha que llevan el logotipo oficial del Camino y su direcci\u00f3n de marcha es tambi\u00e9n la direcci\u00f3n a seguir.<\/p>\t\t\t\t\t\t\t\t<\/div>\n\t\t\t\t<\/div>\n\t\t\t\t<\/div>\n\t\t<div class=\"elementor-element elementor-element-0515f92 e-con-full e-flex e-con e-child\" data-id=\"0515f92\" data-element_type=\"container\" data-e-type=\"container\">\n\t\t<div class=\"elementor-element elementor-element-0a0b6e2 e-con-full e-flex e-con e-child\" data-id=\"0a0b6e2\" data-element_type=\"container\" data-e-type=\"container\">\n\t\t\t\t<div class=\"elementor-element elementor-element-90495b3 elementor-widget elementor-widget-heading\" data-id=\"90495b3\" data-element_type=\"widget\" data-e-type=\"widget\" data-widget_type=\"heading.default\">\n\t\t\t\t\t<h2 class=\"elementor-heading-title elementor-size-default\">3.<\/h2>\t\t\t\t<\/div>\n\t\t\t\t<div class=\"elementor-element elementor-element-7364d3c txtBody elementor-widget elementor-widget-text-editor\" data-id=\"7364d3c\" data-element_type=\"widget\" data-e-type=\"widget\" data-widget_type=\"text-editor.default\">\n\t\t\t\t\t\t\t\t\t<p>Dentro del Parque Nacional de la Majella, la se\u00f1alizaci\u00f3n se compone de tablas en diferentes formatos proporcionadas por la propia Autoridad del Parque, en las que aparece el logotipo del Parque o del Camino.<\/p><p>En otras zonas protegidas, se colocar\u00e1n peque\u00f1os carteles en las se\u00f1ales de madera existentes con el logotipo de la Ruta y una flecha roja indicando la direcci\u00f3n.<\/p>\t\t\t\t\t\t\t\t<\/div>\n\t\t\t\t<\/div>\n\t\t<div class=\"elementor-element elementor-element-aea050b e-con-full elementor-hidden-desktop elementor-hidden-mobile e-flex e-con e-child\" data-id=\"aea050b\" data-element_type=\"container\" data-e-type=\"container\">\n\t\t\t\t<div class=\"elementor-element elementor-element-30fd043 elementor-widget elementor-widget-image\" data-id=\"30fd043\" data-element_type=\"widget\" data-e-type=\"widget\" data-widget_type=\"image.default\">\n\t\t\t\t\t\t\t\t\t\t\t\t\t\t\t<img decoding=\"async\" width=\"589\" height=\"549\" src=\"https:\/\/ilcamminodellapace.it\/wp-content\/uploads\/2025\/11\/targ.png\" class=\"attachment-large size-large wp-image-4833\" alt=\"\" srcset=\"https:\/\/ilcamminodellapace.it\/wp-content\/uploads\/2025\/11\/targ.png 589w, https:\/\/ilcamminodellapace.it\/wp-content\/uploads\/2025\/11\/targ-300x280.png 300w\" sizes=\"(max-width: 589px) 100vw, 589px\" \/>\t\t\t\t\t\t\t\t\t\t\t\t\t\t\t<\/div>\n\t\t\t\t<div class=\"elementor-element elementor-element-4ed86fb elementor-widget elementor-widget-image\" data-id=\"4ed86fb\" data-element_type=\"widget\" data-e-type=\"widget\" data-widget_type=\"image.default\">\n\t\t\t\t\t\t\t\t\t\t\t\t\t\t\t<img loading=\"lazy\" decoding=\"async\" width=\"800\" height=\"450\" src=\"https:\/\/ilcamminodellapace.it\/wp-content\/uploads\/2025\/11\/Segnaletica-1.jpg\" class=\"attachment-large size-large wp-image-4830\" alt=\"Se\u00f1alizaci\u00f3n\" srcset=\"https:\/\/ilcamminodellapace.it\/wp-content\/uploads\/2025\/11\/Segnaletica-1.jpg 800w, https:\/\/ilcamminodellapace.it\/wp-content\/uploads\/2025\/11\/Segnaletica-1-300x169.jpg 300w, https:\/\/ilcamminodellapace.it\/wp-content\/uploads\/2025\/11\/Segnaletica-1-768x432.jpg 768w\" sizes=\"(max-width: 800px) 100vw, 800px\" \/>\t\t\t\t\t\t\t\t\t\t\t\t\t\t\t<\/div>\n\t\t\t\t<\/div>\n\t\t<div class=\"elementor-element elementor-element-5c45379 e-con-full elementor-hidden-tablet e-flex e-con e-child\" data-id=\"5c45379\" data-element_type=\"container\" data-e-type=\"container\">\n\t\t\t\t<div class=\"elementor-element elementor-element-06ac0ef elementor-widget elementor-widget-image\" data-id=\"06ac0ef\" data-element_type=\"widget\" data-e-type=\"widget\" data-widget_type=\"image.default\">\n\t\t\t\t\t\t\t\t\t\t\t\t\t\t\t<img decoding=\"async\" width=\"589\" height=\"549\" src=\"https:\/\/ilcamminodellapace.it\/wp-content\/uploads\/2025\/11\/targ.png\" class=\"attachment-large size-large wp-image-4833\" alt=\"\" srcset=\"https:\/\/ilcamminodellapace.it\/wp-content\/uploads\/2025\/11\/targ.png 589w, https:\/\/ilcamminodellapace.it\/wp-content\/uploads\/2025\/11\/targ-300x280.png 300w\" sizes=\"(max-width: 589px) 100vw, 589px\" \/>\t\t\t\t\t\t\t\t\t\t\t\t\t\t\t<\/div>\n\t\t\t\t<\/div>\n\t\t<div class=\"elementor-element elementor-element-504bccf e-con-full elementor-hidden-tablet e-flex e-con e-child\" data-id=\"504bccf\" data-element_type=\"container\" data-e-type=\"container\">\n\t\t\t\t<div class=\"elementor-element elementor-element-ede5c54 elementor-widget elementor-widget-image\" data-id=\"ede5c54\" data-element_type=\"widget\" data-e-type=\"widget\" data-widget_type=\"image.default\">\n\t\t\t\t\t\t\t\t\t\t\t\t\t\t\t<img loading=\"lazy\" decoding=\"async\" width=\"800\" height=\"450\" src=\"https:\/\/ilcamminodellapace.it\/wp-content\/uploads\/2025\/11\/Segnaletica-1.jpg\" class=\"attachment-large size-large wp-image-4830\" alt=\"Se\u00f1alizaci\u00f3n\" srcset=\"https:\/\/ilcamminodellapace.it\/wp-content\/uploads\/2025\/11\/Segnaletica-1.jpg 800w, https:\/\/ilcamminodellapace.it\/wp-content\/uploads\/2025\/11\/Segnaletica-1-300x169.jpg 300w, https:\/\/ilcamminodellapace.it\/wp-content\/uploads\/2025\/11\/Segnaletica-1-768x432.jpg 768w\" sizes=\"(max-width: 800px) 100vw, 800px\" \/>\t\t\t\t\t\t\t\t\t\t\t\t\t\t\t<\/div>\n\t\t\t\t<\/div>\n\t\t\t\t<\/div>\n\t\t<div class=\"elementor-element elementor-element-6dc3ff8 e-con-full e-flex e-con e-child\" data-id=\"6dc3ff8\" data-element_type=\"container\" data-e-type=\"container\">\n\t\t<div class=\"elementor-element elementor-element-449b75a e-con-full e-flex e-con e-child\" data-id=\"449b75a\" data-element_type=\"container\" data-e-type=\"container\">\n\t\t\t\t<div class=\"elementor-element elementor-element-0bd81c4 elementor-widget elementor-widget-heading\" data-id=\"0bd81c4\" data-element_type=\"widget\" data-e-type=\"widget\" data-widget_type=\"heading.default\">\n\t\t\t\t\t<h2 class=\"elementor-heading-title elementor-size-default\">Se\u00f1alizaci\u00f3n BTT<\/h2>\t\t\t\t<\/div>\n\t\t\t\t<div class=\"elementor-element elementor-element-5ad63c9 elementor-widget elementor-widget-image\" data-id=\"5ad63c9\" data-element_type=\"widget\" data-e-type=\"widget\" data-widget_type=\"image.default\">\n\t\t\t\t\t\t\t\t\t\t\t\t\t\t\t<img loading=\"lazy\" decoding=\"async\" width=\"650\" height=\"348\" src=\"https:\/\/ilcamminodellapace.it\/wp-content\/uploads\/2025\/12\/segnaleticaMTB.png\" class=\"attachment-large size-large wp-image-4835\" alt=\"\" srcset=\"https:\/\/ilcamminodellapace.it\/wp-content\/uploads\/2025\/12\/segnaleticaMTB.png 650w, https:\/\/ilcamminodellapace.it\/wp-content\/uploads\/2025\/12\/segnaleticaMTB-300x161.png 300w\" sizes=\"(max-width: 650px) 100vw, 650px\" \/>\t\t\t\t\t\t\t\t\t\t\t\t\t\t\t<\/div>\n\t\t\t\t<\/div>\n\t\t\t\t<\/div>\n\t\t\t\t\t<\/div>\n\t\t\t\t<\/div>\n\t\t<div class=\"elementor-element elementor-element-3f800fc e-flex e-con-boxed e-con e-parent\" data-id=\"3f800fc\" data-element_type=\"container\" data-e-type=\"container\">\n\t\t\t\t\t<div class=\"e-con-inner\">\n\t\t\t\t<div class=\"elementor-element elementor-element-842c6fd elementor-widget elementor-widget-heading\" data-id=\"842c6fd\" data-element_type=\"widget\" data-e-type=\"widget\" data-widget_type=\"heading.default\">\n\t\t\t\t\t<div class=\"elementor-heading-title elementor-size-default\">S\u00f3lo queda mirar a tu alrededor para encontrar el Camino.<\/div>\t\t\t\t<\/div>\n\t\t\t\t\t<\/div>\n\t\t\t\t<\/div>\n\t\t\t\t<\/div>\n\t\t","protected":false},"excerpt":{"rendered":"<p>520 km del Camino marcados con se\u00f1ales blancas\/rojas a lo largo de toda la ruta, etapa por etapa. 1. La se\u00f1alizaci\u00f3n del Paseo de la Paz consiste en la cl\u00e1sica banda horizontal blanca\/roja, pintada en rocas, \u00e1rboles, muros y postes de hormig\u00f3n, o etiquetas adhesivas en postes met\u00e1licos, se\u00f1ales de tr\u00e1fico, barandillas. 2. La se\u00f1alizaci\u00f3n [&hellip;]<\/p>\n","protected":false},"author":2,"featured_media":4830,"parent":0,"menu_order":0,"comment_status":"closed","ping_status":"closed","template":"","meta":{"_acf_changed":false,"footnotes":""},"class_list":["post-4827","page","type-page","status-publish","has-post-thumbnail","hentry"],"acf":[],"_links":{"self":[{"href":"https:\/\/ilcamminodellapace.it\/es\/wp-json\/wp\/v2\/pages\/4827","targetHints":{"allow":["GET"]}}],"collection":[{"href":"https:\/\/ilcamminodellapace.it\/es\/wp-json\/wp\/v2\/pages"}],"about":[{"href":"https:\/\/ilcamminodellapace.it\/es\/wp-json\/wp\/v2\/types\/page"}],"author":[{"embeddable":true,"href":"https:\/\/ilcamminodellapace.it\/es\/wp-json\/wp\/v2\/users\/2"}],"replies":[{"embeddable":true,"href":"https:\/\/ilcamminodellapace.it\/es\/wp-json\/wp\/v2\/comments?post=4827"}],"version-history":[{"count":4,"href":"https:\/\/ilcamminodellapace.it\/es\/wp-json\/wp\/v2\/pages\/4827\/revisions"}],"predecessor-version":[{"id":4849,"href":"https:\/\/ilcamminodellapace.it\/es\/wp-json\/wp\/v2\/pages\/4827\/revisions\/4849"}],"wp:featuredmedia":[{"embeddable":true,"href":"https:\/\/ilcamminodellapace.it\/es\/wp-json\/wp\/v2\/media\/4830"}],"wp:attachment":[{"href":"https:\/\/ilcamminodellapace.it\/es\/wp-json\/wp\/v2\/media?parent=4827"}],"curies":[{"name":"wp","href":"https:\/\/api.w.org\/{rel}","templated":true}]}}