{"id":5040,"date":"2025-11-12T11:55:35","date_gmt":"2025-11-12T11:55:35","guid":{"rendered":"https:\/\/ilcamminodellapace.it\/sobre-nosotros\/"},"modified":"2026-01-29T15:47:52","modified_gmt":"2026-01-29T15:47:52","slug":"sobre-nosotros","status":"publish","type":"page","link":"https:\/\/ilcamminodellapace.it\/es\/sobre-nosotros\/","title":{"rendered":"Sobre nosotros"},"content":{"rendered":"\t\t<div data-elementor-type=\"wp-page\" data-elementor-id=\"5040\" class=\"elementor elementor-5040 elementor-1099\" data-elementor-post-type=\"page\">\n\t\t\t\t<div class=\"elementor-element elementor-element-e7a72b7 e-flex e-con-boxed e-con e-parent\" data-id=\"e7a72b7\" data-element_type=\"container\" data-e-type=\"container\" data-settings=\"{&quot;background_background&quot;:&quot;classic&quot;}\">\n\t\t\t\t\t<div class=\"e-con-inner\">\n\t\t\t\t<div class=\"elementor-element elementor-element-3ed181d elementor-widget elementor-widget-ucaddon_side_border_heading\" data-id=\"3ed181d\" data-element_type=\"widget\" data-e-type=\"widget\" data-widget_type=\"ucaddon_side_border_heading.default\">\n\t\t\t\t<div class=\"elementor-widget-container\">\n\t\t\t\t\t\n<!-- start Side Line Heading -->\n<style>\/* widget: Side Line Heading *\/\n\n#uc_side_border_heading_elementor_3ed181d\n{\n  display:flex;\n}\n\n#uc_side_border_heading_elementor_3ed181d .side_border_heading_title\n{\n  color:black;\n}\n\n#uc_side_border_heading_elementor_3ed181d .side_border_heading_subtitle\n{\n  line-height:1.5em;\n  color:gray;\n}\n#uc_side_border_heading_elementor_3ed181d .side_border_heading_line_holder{\nflex-shrink: 0;\n}\n\n#uc_side_border_heading_elementor_3ed181d .side_border_heading_line_spacer{\nflex-shrink: 0;\n}\n\n<\/style>\n\n<div id=\"uc_side_border_heading_elementor_3ed181d\">\n  <div class=\"side_border_heading_line_holder\"><div class=\"side_border_heading_line\" style=\"background-color:#FFFFFF;\"><\/div><\/div>\n  <div class=\"side_border_heading_line_spacer\"><\/div>\n  <div>\n    <div class=\"side_border_heading_title\"><span  class=\"uc_style_side_border_heading_elementor_title\" style=\"color:#FFFFFF;\">Sobre nosotros<\/span><\/div>\n    <div class=\"side_border_heading_subtitle\"><\/div>\n  <\/div>\n<\/div>\n<!-- end Side Line Heading -->\t\t\t\t<\/div>\n\t\t\t\t<\/div>\n\t\t<div class=\"elementor-element elementor-element-fe7bbcc e-con-full e-flex e-con e-child\" data-id=\"fe7bbcc\" data-element_type=\"container\" data-e-type=\"container\">\n\t\t\t\t<div class=\"elementor-element elementor-element-3b14bdc elementor-widget elementor-widget-text-editor\" data-id=\"3b14bdc\" data-element_type=\"widget\" data-e-type=\"widget\" data-widget_type=\"text-editor.default\">\n\t\t\t\t\t\t\t\t\t<p>Para realizar este proyecto, en 2018 naci\u00f3 la Asociaci\u00f3n que lleva el mismo nombre que el Sendero<\/p>\t\t\t\t\t\t\t\t<\/div>\n\t\t\t\t<div class=\"elementor-element elementor-element-15903ff txtBody elementor-widget elementor-widget-text-editor\" data-id=\"15903ff\" data-element_type=\"widget\" data-e-type=\"widget\" data-widget_type=\"text-editor.default\">\n\t\t\t\t\t\t\t\t\t<p>Para llevar a cabo este proyecto, en 2018 naci\u00f3 la Asociaci\u00f3n que lleva el mismo nombre que el Camino. En el proyecto participan las Administraciones Municipales de las localidades que acogen las etapas, expertos del territorio, otras Asociaciones y voluntarios: una amplia colaboraci\u00f3n y un gran compromiso, para el redescubrimiento de un territorio \u00fanico y extraordinario. Cada Administraci\u00f3n Municipal proporciona sus propios recursos y un n\u00famero de tel\u00e9fono siempre activo: d\u00f3nde conseguir refrescos y d\u00f3nde descansar por la noche, d\u00f3nde poner el sello en la Credencial y cualquier otra necesidad. La implicaci\u00f3n activa de las Administraciones Municipales es un signo tangible de hasta qu\u00e9 punto el Camino est\u00e1 inscrito y casi grabado en los lugares atravesados, convirti\u00e9ndose en un ir participativo, de modo que el caminante-peregrino es acogido como Amigo y no como extra\u00f1o, como signo de un renovado sentido de la antigua hospitalidad, hecha de alegr\u00eda y cuidado.  <\/p>\t\t\t\t\t\t\t\t<\/div>\n\t\t<div class=\"elementor-element elementor-element-e7e1313 e-grid e-con-full e-con e-child\" data-id=\"e7e1313\" data-element_type=\"container\" data-e-type=\"container\">\n\t\t\t\t<div class=\"elementor-element elementor-element-ad17274 elementor-widget elementor-widget-ucaddon_side_border_heading\" data-id=\"ad17274\" data-element_type=\"widget\" data-e-type=\"widget\" data-widget_type=\"ucaddon_side_border_heading.default\">\n\t\t\t\t<div class=\"elementor-widget-container\">\n\t\t\t\t\t\n<!-- start Side Line Heading -->\n<style>\/* widget: Side Line Heading *\/\n\n#uc_side_border_heading_elementor_ad17274\n{\n  display:flex;\n}\n\n#uc_side_border_heading_elementor_ad17274 .side_border_heading_title\n{\n  color:black;\n}\n\n#uc_side_border_heading_elementor_ad17274 .side_border_heading_subtitle\n{\n  line-height:1.5em;\n  color:gray;\n}\n#uc_side_border_heading_elementor_ad17274 .side_border_heading_line_holder{\nflex-shrink: 0;\n}\n\n#uc_side_border_heading_elementor_ad17274 .side_border_heading_line_spacer{\nflex-shrink: 0;\n}\n\n<\/style>\n\n<div id=\"uc_side_border_heading_elementor_ad17274\">\n  <div class=\"side_border_heading_line_holder\"><div class=\"side_border_heading_line\" style=\"background-color:#FFFFFF;\"><\/div><\/div>\n  <div class=\"side_border_heading_line_spacer\"><\/div>\n  <div>\n    <div class=\"side_border_heading_title\"><span  class=\"uc_style_side_border_heading_elementor_title\" style=\"color:#FFFFFF;\">El Ejecutivo<\/span><\/div>\n    <div class=\"side_border_heading_subtitle\"><\/div>\n  <\/div>\n<\/div>\n<!-- end Side Line Heading -->\t\t\t\t<\/div>\n\t\t\t\t<\/div>\n\t\t\t\t<div class=\"elementor-element elementor-element-f6e650f elementor-widget elementor-widget-text-editor\" data-id=\"f6e650f\" data-element_type=\"widget\" data-e-type=\"widget\" data-widget_type=\"text-editor.default\">\n\t\t\t\t\t\t\t\t\t<p>El Presidente: Luciano Caramanico<\/p><p>Vicepresidenta: Maria Chiara Castriota<\/p><p>Secretario: Lucio Taraborrelli<\/p><p>Tesorero: Vincenzo Cerritelli<\/p><p>Asesor: Cristofaro Sante Di Giovanni<\/p><p>Directora: Michela Tommasetti<\/p><p>Asesor: Peppino Troilo<\/p>\t\t\t\t\t\t\t\t<\/div>\n\t\t\t\t<\/div>\n\t\t\t\t<\/div>\n\t\t\t\t\t<\/div>\n\t\t\t\t<\/div>\n\t\t<div class=\"elementor-element elementor-element-1bf7f62c e-flex e-con-boxed e-con e-parent\" data-id=\"1bf7f62c\" data-element_type=\"container\" data-e-type=\"container\" data-settings=\"{&quot;background_background&quot;:&quot;classic&quot;}\">\n\t\t\t\t\t<div class=\"e-con-inner\">\n\t\t\t\t<div class=\"elementor-element elementor-element-25772d9 elementor-widget elementor-widget-ucaddon_side_border_heading_riga_a_dx\" data-id=\"25772d9\" data-element_type=\"widget\" data-e-type=\"widget\" data-widget_type=\"ucaddon_side_border_heading_riga_a_dx.default\">\n\t\t\t\t<div class=\"elementor-widget-container\">\n\t\t\t\t\t\n<!-- start Side Line Heading - riga a dx -->\n<style>\/* widget: Side Line Heading - riga a dx *\/\n\n#uc_side_border_heading_riga_a_dx_elementor_25772d9\n{\n  display:flex;\n}\n\n#uc_side_border_heading_riga_a_dx_elementor_25772d9 .side_border_heading_title\n{\n  color:black;\n}\n\n#uc_side_border_heading_riga_a_dx_elementor_25772d9 .side_border_heading_subtitle\n{\n  line-height:1.5em;\n  color:gray;\n}\n#uc_side_border_heading_riga_a_dx_elementor_25772d9 .side_border_heading_line_holder{\nflex-shrink: 0;\n}\n\n#uc_side_border_heading_riga_a_dx_elementor_25772d9 .side_border_heading_line_spacer{\nflex-shrink: 0;\n}\n\n<\/style>\n\n<div id=\"uc_side_border_heading_riga_a_dx_elementor_25772d9\">\n  <div>\n    <div class=\"side_border_heading_title\"><span  class=\"uc_style_side_border_heading_riga_a_dx_elementor_title\" style=\"color:#2F5FA0;\">Nuestros socios<\/span><\/div>\n    <div class=\"side_border_heading_subtitle\"><\/div>\n  <\/div>\n  <div class=\"side_border_heading_line_spacer\"><\/div>\n  <div class=\"side_border_heading_line_holder\"><div class=\"side_border_heading_line\" style=\"background-color:#2F5FA0;\"><\/div><\/div>\n<\/div>\n<!-- end Side Line Heading - riga a dx -->\t\t\t\t<\/div>\n\t\t\t\t<\/div>\n\t\t<div class=\"elementor-element elementor-element-9fac644 e-con-full e-flex e-con e-child\" data-id=\"9fac644\" data-element_type=\"container\" data-e-type=\"container\">\n\t\t\t\t<div class=\"elementor-element elementor-element-bc4bf8c elementor-widget elementor-widget-text-editor\" data-id=\"bc4bf8c\" data-element_type=\"widget\" data-e-type=\"widget\" data-widget_type=\"text-editor.default\">\n\t\t\t\t\t\t\t\t\t<p>Para realizar este proyecto, naci\u00f3 la Asociaci\u00f3n que lleva el mismo nombre que el Camino<\/p>\t\t\t\t\t\t\t\t<\/div>\n\t\t\t\t<div class=\"elementor-element elementor-element-6f64442e txtBody elementor-widget elementor-widget-text-editor\" data-id=\"6f64442e\" data-element_type=\"widget\" data-e-type=\"widget\" data-widget_type=\"text-editor.default\">\n\t\t\t\t\t\t\t\t\t<p>El proyecto cuenta con la participaci\u00f3n de las administraciones municipales de las ciudades y pueblos atravesados y de los lugares de la etapa, expertos de la zona, otras asociaciones, as\u00ed como voluntarios, una amplia colaboraci\u00f3n y un gran compromiso, para el redescubrimiento de un territorio \u00fanico y extraordinario.<\/p>\t\t\t\t\t\t\t\t<\/div>\n\t\t<div class=\"elementor-element elementor-element-a225b96 e-con-full e-flex e-con e-child\" data-id=\"a225b96\" data-element_type=\"container\" data-e-type=\"container\">\n\t\t<div class=\"elementor-element elementor-element-0125daa e-con-full e-flex e-con e-child\" data-id=\"0125daa\" data-element_type=\"container\" data-e-type=\"container\" data-settings=\"{&quot;background_background&quot;:&quot;classic&quot;}\">\n\t\t\t\t<div class=\"elementor-element elementor-element-141defe elementor-widget elementor-widget-image\" data-id=\"141defe\" data-element_type=\"widget\" data-e-type=\"widget\" data-widget_type=\"image.default\">\n\t\t\t\t\t\t\t\t\t\t\t\t\t\t\t\t<a href=\"https:\/\/www.regione.abruzzo.it\/\" target=\"_blank\">\n\t\t\t\t\t\t\t<img decoding=\"async\" width=\"150\" height=\"300\" src=\"https:\/\/ilcamminodellapace.it\/wp-content\/uploads\/2025\/11\/Regione-Abruzzo-150x300-1.jpg\" class=\"attachment-large size-large wp-image-5077\" alt=\"\" \/>\t\t\t\t\t\t\t\t<\/a>\n\t\t\t\t\t\t\t\t\t\t\t\t\t\t\t<\/div>\n\t\t\t\t<\/div>\n\t\t<div class=\"elementor-element elementor-element-4e77a42 e-con-full e-flex e-con e-child\" data-id=\"4e77a42\" data-element_type=\"container\" data-e-type=\"container\" data-settings=\"{&quot;background_background&quot;:&quot;classic&quot;}\">\n\t\t\t\t<div class=\"elementor-element elementor-element-1486d5d elementor-widget elementor-widget-image\" data-id=\"1486d5d\" data-element_type=\"widget\" data-e-type=\"widget\" data-widget_type=\"image.default\">\n\t\t\t\t\t\t\t\t\t\t\t\t\t\t\t\t<a href=\"https:\/\/www.regione.molise.it\/flex\/cm\/pages\/ServeBLOB.php\/L\/IT\/IDPagina\/3\" target=\"_blank\">\n\t\t\t\t\t\t\t<img fetchpriority=\"high\" decoding=\"async\" width=\"212\" height=\"300\" src=\"https:\/\/ilcamminodellapace.it\/wp-content\/uploads\/2025\/11\/Regione-Molise-212x300-1.jpg\" class=\"attachment-large size-large wp-image-5079\" alt=\"\" \/>\t\t\t\t\t\t\t\t<\/a>\n\t\t\t\t\t\t\t\t\t\t\t\t\t\t\t<\/div>\n\t\t\t\t<\/div>\n\t\t<div class=\"elementor-element elementor-element-cfd4ecd e-con-full e-flex e-con e-child\" data-id=\"cfd4ecd\" data-element_type=\"container\" data-e-type=\"container\" data-settings=\"{&quot;background_background&quot;:&quot;classic&quot;}\">\n\t\t\t\t<div class=\"elementor-element elementor-element-d99de3a elementor-widget elementor-widget-image\" data-id=\"d99de3a\" data-element_type=\"widget\" data-e-type=\"widget\" data-widget_type=\"image.default\">\n\t\t\t\t\t\t\t\t\t\t\t\t\t\t\t\t<a href=\"https:\/\/www.regione.puglia.it\/\" target=\"_blank\">\n\t\t\t\t\t\t\t<img decoding=\"async\" width=\"300\" height=\"255\" src=\"https:\/\/ilcamminodellapace.it\/wp-content\/uploads\/2025\/11\/REG-PUGLIA-300x255-1.jpg\" class=\"attachment-large size-large wp-image-5074\" alt=\"\" \/>\t\t\t\t\t\t\t\t<\/a>\n\t\t\t\t\t\t\t\t\t\t\t\t\t\t\t<\/div>\n\t\t\t\t<\/div>\n\t\t\t\t<\/div>\n\t\t<div class=\"elementor-element elementor-element-504439c e-con-full e-flex e-con e-child\" data-id=\"504439c\" data-element_type=\"container\" data-e-type=\"container\">\n\t\t<div class=\"elementor-element elementor-element-51efad0 e-con-full e-flex e-con e-child\" data-id=\"51efad0\" data-element_type=\"container\" data-e-type=\"container\" data-settings=\"{&quot;background_background&quot;:&quot;classic&quot;}\">\n\t\t\t\t<div class=\"elementor-element elementor-element-d817670 elementor-widget elementor-widget-image\" data-id=\"d817670\" data-element_type=\"widget\" data-e-type=\"widget\" data-widget_type=\"image.default\">\n\t\t\t\t\t\t\t\t\t\t\t\t\t\t\t\t<a href=\"https:\/\/www.caiabruzzo.it\/\" target=\"_blank\">\n\t\t\t\t\t\t\t<img loading=\"lazy\" decoding=\"async\" width=\"377\" height=\"361\" src=\"https:\/\/ilcamminodellapace.it\/wp-content\/uploads\/2025\/12\/CAI-ABRUZZO.jpg\" class=\"attachment-large size-large wp-image-5083\" alt=\"\" srcset=\"https:\/\/ilcamminodellapace.it\/wp-content\/uploads\/2025\/12\/CAI-ABRUZZO.jpg 377w, https:\/\/ilcamminodellapace.it\/wp-content\/uploads\/2025\/12\/CAI-ABRUZZO-300x287.jpg 300w\" sizes=\"(max-width: 377px) 100vw, 377px\" \/>\t\t\t\t\t\t\t\t<\/a>\n\t\t\t\t\t\t\t\t\t\t\t\t\t\t\t<\/div>\n\t\t\t\t<\/div>\n\t\t<div class=\"elementor-element elementor-element-0769fef e-con-full e-flex e-con e-child\" data-id=\"0769fef\" data-element_type=\"container\" data-e-type=\"container\" data-settings=\"{&quot;background_background&quot;:&quot;classic&quot;}\">\n\t\t\t\t<div class=\"elementor-element elementor-element-2a28114 elementor-widget elementor-widget-image\" data-id=\"2a28114\" data-element_type=\"widget\" data-e-type=\"widget\" data-widget_type=\"image.default\">\n\t\t\t\t\t\t\t\t\t\t\t\t\t\t\t\t<a href=\"https:\/\/www.cai.it\/sezioni-territoriali\/sezioni-e-sottosezioni\/molise\/\" target=\"_blank\">\n\t\t\t\t\t\t\t<img loading=\"lazy\" decoding=\"async\" width=\"309\" height=\"377\" src=\"https:\/\/ilcamminodellapace.it\/wp-content\/uploads\/2025\/12\/CAI-MOLISE-e1765378096687.jpg\" class=\"attachment-full size-full wp-image-5085\" alt=\"\" srcset=\"https:\/\/ilcamminodellapace.it\/wp-content\/uploads\/2025\/12\/CAI-MOLISE-e1765378096687.jpg 309w, https:\/\/ilcamminodellapace.it\/wp-content\/uploads\/2025\/12\/CAI-MOLISE-e1765378096687-246x300.jpg 246w\" sizes=\"(max-width: 309px) 100vw, 309px\" \/>\t\t\t\t\t\t\t\t<\/a>\n\t\t\t\t\t\t\t\t\t\t\t\t\t\t\t<\/div>\n\t\t\t\t<\/div>\n\t\t<div class=\"elementor-element elementor-element-ff0e59e e-con-full e-flex e-con e-child\" data-id=\"ff0e59e\" data-element_type=\"container\" data-e-type=\"container\" data-settings=\"{&quot;background_background&quot;:&quot;classic&quot;}\">\n\t\t\t\t<div class=\"elementor-element elementor-element-c9d7e1c elementor-widget elementor-widget-image\" data-id=\"c9d7e1c\" data-element_type=\"widget\" data-e-type=\"widget\" data-widget_type=\"image.default\">\n\t\t\t\t\t\t\t\t\t\t\t\t\t\t\t\t<a href=\"https:\/\/www.cai.it\/tag\/puglia\/\" target=\"_blank\">\n\t\t\t\t\t\t\t<img loading=\"lazy\" decoding=\"async\" width=\"353\" height=\"369\" src=\"https:\/\/ilcamminodellapace.it\/wp-content\/uploads\/2025\/12\/CAI-PUGLIA-e1765378126959.jpg\" class=\"attachment-large size-large wp-image-5086\" alt=\"\" srcset=\"https:\/\/ilcamminodellapace.it\/wp-content\/uploads\/2025\/12\/CAI-PUGLIA-e1765378126959.jpg 353w, https:\/\/ilcamminodellapace.it\/wp-content\/uploads\/2025\/12\/CAI-PUGLIA-e1765378126959-287x300.jpg 287w\" sizes=\"(max-width: 353px) 100vw, 353px\" \/>\t\t\t\t\t\t\t\t<\/a>\n\t\t\t\t\t\t\t\t\t\t\t\t\t\t\t<\/div>\n\t\t\t\t<\/div>\n\t\t\t\t<\/div>\n\t\t<div class=\"elementor-element elementor-element-55be4b6 e-con-full e-flex e-con e-child\" data-id=\"55be4b6\" data-element_type=\"container\" data-e-type=\"container\">\n\t\t<div class=\"elementor-element elementor-element-0bce6ba e-con-full e-flex e-con e-child\" data-id=\"0bce6ba\" data-element_type=\"container\" data-e-type=\"container\" data-settings=\"{&quot;background_background&quot;:&quot;classic&quot;}\">\n\t\t\t\t<div class=\"elementor-element elementor-element-90c7fa4 elementor-widget elementor-widget-image\" data-id=\"90c7fa4\" data-element_type=\"widget\" data-e-type=\"widget\" data-widget_type=\"image.default\">\n\t\t\t\t\t\t\t\t\t\t\t\t\t\t\t\t<a href=\"https:\/\/ingegneri.chieti.it\/\" target=\"_blank\">\n\t\t\t\t\t\t\t<img loading=\"lazy\" decoding=\"async\" width=\"300\" height=\"300\" src=\"https:\/\/ilcamminodellapace.it\/wp-content\/uploads\/2025\/11\/Logo_Ord_Ing_Chieti-300x300-1-1.png\" class=\"attachment-large size-large wp-image-5067\" alt=\"\" srcset=\"https:\/\/ilcamminodellapace.it\/wp-content\/uploads\/2025\/11\/Logo_Ord_Ing_Chieti-300x300-1-1.png 300w, https:\/\/ilcamminodellapace.it\/wp-content\/uploads\/2025\/11\/Logo_Ord_Ing_Chieti-300x300-1-1-150x150.png 150w\" sizes=\"(max-width: 300px) 100vw, 300px\" \/>\t\t\t\t\t\t\t\t<\/a>\n\t\t\t\t\t\t\t\t\t\t\t\t\t\t\t<\/div>\n\t\t\t\t<\/div>\n\t\t<div class=\"elementor-element elementor-element-b1213e2 e-con-full e-flex e-con e-child\" data-id=\"b1213e2\" data-element_type=\"container\" data-e-type=\"container\" data-settings=\"{&quot;background_background&quot;:&quot;classic&quot;}\">\n\t\t\t\t<div class=\"elementor-element elementor-element-58ddd96 elementor-widget elementor-widget-image\" data-id=\"58ddd96\" data-element_type=\"widget\" data-e-type=\"widget\" data-widget_type=\"image.default\">\n\t\t\t\t\t\t\t\t\t\t\t\t\t\t\t\t<a href=\"https:\/\/www.parcomajella.it\/\" target=\"_blank\">\n\t\t\t\t\t\t\t<img loading=\"lazy\" decoding=\"async\" width=\"290\" height=\"300\" src=\"https:\/\/ilcamminodellapace.it\/wp-content\/uploads\/2025\/11\/Logo-parco-majella-290x300-1.jpg\" class=\"attachment-large size-large wp-image-5071\" alt=\"\" \/>\t\t\t\t\t\t\t\t<\/a>\n\t\t\t\t\t\t\t\t\t\t\t\t\t\t\t<\/div>\n\t\t\t\t<\/div>\n\t\t<div class=\"elementor-element elementor-element-83d5a6d e-con-full e-flex e-con e-child\" data-id=\"83d5a6d\" data-element_type=\"container\" data-e-type=\"container\" data-settings=\"{&quot;background_background&quot;:&quot;classic&quot;}\">\n\t\t\t\t<div class=\"elementor-element elementor-element-67d33f7 elementor-widget elementor-widget-image\" data-id=\"67d33f7\" data-element_type=\"widget\" data-e-type=\"widget\" data-widget_type=\"image.default\">\n\t\t\t\t\t\t\t\t\t\t\t\t\t\t\t\t<a href=\"https:\/\/www.parcogargano.it\/\" target=\"_blank\">\n\t\t\t\t\t\t\t<img loading=\"lazy\" decoding=\"async\" width=\"189\" height=\"266\" src=\"https:\/\/ilcamminodellapace.it\/wp-content\/uploads\/2025\/11\/tgr-1.jpg\" class=\"attachment-large size-large wp-image-5081\" alt=\"\" \/>\t\t\t\t\t\t\t\t<\/a>\n\t\t\t\t\t\t\t\t\t\t\t\t\t\t\t<\/div>\n\t\t\t\t<\/div>\n\t\t\t\t<\/div>\n\t\t<div class=\"elementor-element elementor-element-914925f e-con-full e-flex e-con e-child\" data-id=\"914925f\" data-element_type=\"container\" data-e-type=\"container\">\n\t\t<div class=\"elementor-element elementor-element-a6be008 e-con-full e-flex e-con e-child\" data-id=\"a6be008\" data-element_type=\"container\" data-e-type=\"container\" data-settings=\"{&quot;background_background&quot;:&quot;classic&quot;}\">\n\t\t\t\t<div class=\"elementor-element elementor-element-5d08fbe elementor-widget elementor-widget-image\" data-id=\"5d08fbe\" data-element_type=\"widget\" data-e-type=\"widget\" data-widget_type=\"image.default\">\n\t\t\t\t\t\t\t\t\t\t\t\t\t\t\t\t<a href=\"https:\/\/www.facebook.com\/fondazionearbor\/?locale=it_IT\" target=\"_blank\">\n\t\t\t\t\t\t\t<img loading=\"lazy\" decoding=\"async\" width=\"300\" height=\"271\" src=\"https:\/\/ilcamminodellapace.it\/wp-content\/uploads\/2025\/11\/Logo-ARBOR-300x271-1.jpg\" class=\"attachment-large size-large wp-image-5069\" alt=\"\" \/>\t\t\t\t\t\t\t\t<\/a>\n\t\t\t\t\t\t\t\t\t\t\t\t\t\t\t<\/div>\n\t\t\t\t<\/div>\n\t\t<div class=\"elementor-element elementor-element-b954022 e-con-full e-flex e-con e-child\" data-id=\"b954022\" data-element_type=\"container\" data-e-type=\"container\" data-settings=\"{&quot;background_background&quot;:&quot;classic&quot;}\">\n\t\t\t\t<div class=\"elementor-element elementor-element-653d164 elementor-widget elementor-widget-image\" data-id=\"653d164\" data-element_type=\"widget\" data-e-type=\"widget\" data-widget_type=\"image.default\">\n\t\t\t\t\t\t\t\t\t\t\t\t\t\t\t\t<a href=\"http:\/\/www.mezzopieno.org\/\" target=\"_blank\">\n\t\t\t\t\t\t\t<img loading=\"lazy\" decoding=\"async\" width=\"600\" height=\"600\" src=\"https:\/\/ilcamminodellapace.it\/wp-content\/uploads\/2025\/12\/mezzo-pieno.png\" class=\"attachment-large size-large wp-image-5087\" alt=\"\" srcset=\"https:\/\/ilcamminodellapace.it\/wp-content\/uploads\/2025\/12\/mezzo-pieno.png 600w, https:\/\/ilcamminodellapace.it\/wp-content\/uploads\/2025\/12\/mezzo-pieno-300x300.png 300w, https:\/\/ilcamminodellapace.it\/wp-content\/uploads\/2025\/12\/mezzo-pieno-150x150.png 150w\" sizes=\"(max-width: 600px) 100vw, 600px\" \/>\t\t\t\t\t\t\t\t<\/a>\n\t\t\t\t\t\t\t\t\t\t\t\t\t\t\t<\/div>\n\t\t\t\t<\/div>\n\t\t<div class=\"elementor-element elementor-element-e81f866 e-con-full e-flex e-con e-child\" data-id=\"e81f866\" data-element_type=\"container\" data-e-type=\"container\" data-settings=\"{&quot;background_background&quot;:&quot;classic&quot;}\">\n\t\t\t\t<div class=\"elementor-element elementor-element-0d34987 elementor-widget elementor-widget-image\" data-id=\"0d34987\" data-element_type=\"widget\" data-e-type=\"widget\" data-widget_type=\"image.default\">\n\t\t\t\t\t\t\t\t\t\t\t\t\t\t\t\t<a href=\"https:\/\/www.facebook.com\/msafrancigena\/?locale=it_IT\" target=\"_blank\">\n\t\t\t\t\t\t\t<img loading=\"lazy\" decoding=\"async\" width=\"300\" height=\"211\" src=\"https:\/\/ilcamminodellapace.it\/wp-content\/uploads\/2025\/11\/Monte-SantAngelo-Francigena-300x211-1.jpg\" class=\"attachment-large size-large wp-image-5072\" alt=\"\" \/>\t\t\t\t\t\t\t\t<\/a>\n\t\t\t\t\t\t\t\t\t\t\t\t\t\t\t<\/div>\n\t\t\t\t<\/div>\n\t\t\t\t<\/div>\n\t\t\t\t<\/div>\n\t\t\t\t\t<\/div>\n\t\t\t\t<\/div>\n\t\t\t\t<\/div>\n\t\t","protected":false},"excerpt":{"rendered":"<p>Sobre nosotros Para realizar este proyecto, en 2018 naci\u00f3 la Asociaci\u00f3n que lleva el mismo nombre que el Sendero Para llevar a cabo este proyecto, en 2018 naci\u00f3 la Asociaci\u00f3n que lleva el mismo nombre que el Camino. En el proyecto participan las Administraciones Municipales de las localidades que acogen las etapas, expertos del territorio, [&hellip;]<\/p>\n","protected":false},"author":2,"featured_media":5041,"parent":0,"menu_order":0,"comment_status":"closed","ping_status":"closed","template":"","meta":{"_acf_changed":false,"footnotes":""},"class_list":["post-5040","page","type-page","status-publish","has-post-thumbnail","hentry"],"acf":[],"_links":{"self":[{"href":"https:\/\/ilcamminodellapace.it\/es\/wp-json\/wp\/v2\/pages\/5040","targetHints":{"allow":["GET"]}}],"collection":[{"href":"https:\/\/ilcamminodellapace.it\/es\/wp-json\/wp\/v2\/pages"}],"about":[{"href":"https:\/\/ilcamminodellapace.it\/es\/wp-json\/wp\/v2\/types\/page"}],"author":[{"embeddable":true,"href":"https:\/\/ilcamminodellapace.it\/es\/wp-json\/wp\/v2\/users\/2"}],"replies":[{"embeddable":true,"href":"https:\/\/ilcamminodellapace.it\/es\/wp-json\/wp\/v2\/comments?post=5040"}],"version-history":[{"count":6,"href":"https:\/\/ilcamminodellapace.it\/es\/wp-json\/wp\/v2\/pages\/5040\/revisions"}],"predecessor-version":[{"id":5391,"href":"https:\/\/ilcamminodellapace.it\/es\/wp-json\/wp\/v2\/pages\/5040\/revisions\/5391"}],"wp:featuredmedia":[{"embeddable":true,"href":"https:\/\/ilcamminodellapace.it\/es\/wp-json\/wp\/v2\/media\/5041"}],"wp:attachment":[{"href":"https:\/\/ilcamminodellapace.it\/es\/wp-json\/wp\/v2\/media?parent=5040"}],"curies":[{"name":"wp","href":"https:\/\/api.w.org\/{rel}","templated":true}]}}